{"id":510,"date":"2024-01-19T15:23:19","date_gmt":"2024-01-19T15:23:19","guid":{"rendered":"https:\/\/www.salamcinema.se\/?post_type=film_portfolio&#038;p=510"},"modified":"2024-02-12T18:09:12","modified_gmt":"2024-02-12T18:09:12","slug":"seven-winters-in-tehran","status":"publish","type":"film_portfolio","link":"https:\/\/www.salamcinema.se\/sv\/film-portfolio\/seven-winters-in-tehran\/","title":{"rendered":"Seven Winters In Tehran"},"content":{"rendered":"<div class=\"wp-block-cover alignfull is-light\" style=\"min-height:680px;aspect-ratio:unset;\"><span aria-hidden=\"true\" class=\"wp-block-cover__background has-background-dim-20 has-background-dim\"><\/span><img loading=\"lazy\" decoding=\"async\" width=\"1600\" height=\"900\" class=\"wp-block-cover__image-background wp-image-511\" alt=\"Image from a Scene of the Movie &quot;Seven Winters In Tehran&quot;\" src=\"https:\/\/www.salamcinema.se\/wp-content\/uploads\/2024\/01\/Shole-Pakravan-Copyright-Julia-Daschner-_-Made-in-Germany-1-1600x900-c-default-3310381171-jpg.webp\" style=\"object-position:48% 40%\" data-object-fit=\"cover\" data-object-position=\"48% 40%\" srcset=\"https:\/\/www.salamcinema.se\/wp-content\/uploads\/2024\/01\/Shole-Pakravan-Copyright-Julia-Daschner-_-Made-in-Germany-1-1600x900-c-default-3310381171-jpg.webp 1600w, https:\/\/www.salamcinema.se\/wp-content\/uploads\/2024\/01\/Shole-Pakravan-Copyright-Julia-Daschner-_-Made-in-Germany-1-1600x900-c-default-3310381171-300x169.webp 300w, https:\/\/www.salamcinema.se\/wp-content\/uploads\/2024\/01\/Shole-Pakravan-Copyright-Julia-Daschner-_-Made-in-Germany-1-1600x900-c-default-3310381171-1024x576.webp 1024w, https:\/\/www.salamcinema.se\/wp-content\/uploads\/2024\/01\/Shole-Pakravan-Copyright-Julia-Daschner-_-Made-in-Germany-1-1600x900-c-default-3310381171-768x432.webp 768w, https:\/\/www.salamcinema.se\/wp-content\/uploads\/2024\/01\/Shole-Pakravan-Copyright-Julia-Daschner-_-Made-in-Germany-1-1600x900-c-default-3310381171-1536x864.webp 1536w, https:\/\/www.salamcinema.se\/wp-content\/uploads\/2024\/01\/Shole-Pakravan-Copyright-Julia-Daschner-_-Made-in-Germany-1-1600x900-c-default-3310381171-18x10.webp 18w\" sizes=\"auto, (max-width: 1600px) 100vw, 1600px\" \/><div class=\"wp-block-cover__inner-container is-layout-flow wp-block-cover-is-layout-flow\">\n<p class=\"has-text-align-center has-large-font-size\"><\/p>\n<\/div><\/div>\n\n\n<div class=\"alignwide-wrap\" data-block=\"group\">\n<div class=\"wp-block-group alignwide is-style-default is-content-justification-left is-nowrap is-layout-flex wp-container-core-group-is-layout-fc9f69e7 wp-block-group-is-layout-flex\">\n<h1 class=\"wp-block-heading\">Seven Winters In Tehran<\/h1>\n<\/div>\n<\/div>\n\n\n<div class=\"wp-block-columns alignfull is-style-default\">\n<div class=\"wp-block-column\" style=\"flex-basis:30%\"><\/div>\n\n\n\n<div class=\"wp-block-column is-style-default\" style=\"flex-basis:45%\">\n<div class=\"wp-block-columns\">\n<div class=\"wp-block-column\">\n<p class=\"has-text-color has-link-color wp-elements-c42bec7bc5a9022bf5e9e59c9a862489\" style=\"color:#717171\">Regisserad av <strong>Steffi Niederzoll<\/strong> <br>2023, Iran, 97 min<br>Spr\u00e5k: Persiska, Undertext: Engelska<\/p>\n<\/div>\n<\/div>\n\n\n\n<p><a href=\"https:\/\/www.imdb.com\/title\/tt26188684\/mediaviewer\/rm401159681\/?ref_=tt_ov_i\"><\/a><\/p>\n\n\n\n<p>Sommaren 2007 kommer en \u00e4ldre man fram till Reyhaneh Jabbari och ber arkitektstudenten, som har ett extrajobb som inredningsarkitekt, om hj\u00e4lp med att utforma kontor. Under inspektionen f\u00f6rs\u00f6ker han v\u00e5ldta henne. Reyhaneh knivhugger honom i sj\u00e4lvf\u00f6rsvar. Hon grips f\u00f6r mord och d\u00f6ms till d\u00f6den. Reyhaneh skulle tillbringa de kommande sju \u00e5ren i f\u00e4ngelse medan hennes familj anlitade advokater och gjorde allm\u00e4nheten medveten om fallet. Men trots anstr\u00e4ngningar fr\u00e5n nationella och internationella politiker och m\u00e4nniskor\u00e4ttsorganisationer fortsatte det iranska r\u00e4ttsv\u00e4sendet att h\u00e4nvisa till \"r\u00e4tten till blodsh\u00e4mnd\". Detta innebar att s\u00e5 l\u00e4nge Reyhaneh inte tog tillbaka sina anklagelser mot mannen kunde hans familj kr\u00e4va hennes d\u00f6d. Reyhaneh stod fast vid sitt vittnesm\u00e5l och h\u00e4ngdes vid 26 \u00e5rs \u00e5lder. \nI sin gripande och chockerande aktuella dokument\u00e4rdebut anv\u00e4nder regiss\u00f6ren Steffi Niederzoll bland annat ljud- och bildmaterial som smugglades ut ur Iran. Denna film, d\u00e4r Holy Spider-sk\u00e5despelaren Zar Amir Ebrahimi l\u00e5nar ut sin r\u00f6st till Reyhaneh, synligg\u00f6r or\u00e4ttvisorna i det iranska samh\u00e4llet och portr\u00e4tterar en ofrivillig hj\u00e4ltinna som gav sitt liv i kampen f\u00f6r kvinnors r\u00e4ttigheter. <em>Holy Spider <\/em>actor Zar Amir Ebrahimi lends Reyhaneh her voice, makes visible the injustice in Iranian society and portrays an involuntary heroine who gave her life in the fight for women\u2019s rights.<\/p>\n\n\n\n<div style=\"height:45px\" aria-hidden=\"true\" class=\"wp-block-spacer\"><\/div>\n\n\n\n<figure class=\"wp-block-embed is-type-video is-provider-youtube wp-block-embed-youtube wp-embed-aspect-16-9 wp-has-aspect-ratio\"><div class=\"wp-block-embed__wrapper\">\n<iframe loading=\"lazy\" title=\"&quot;Seven Winters in Tehran&quot; (Sieben Winter in Teheran) | Trailer | Berlinale 2023\" width=\"1400\" height=\"788\" src=\"https:\/\/www.youtube.com\/embed\/SCOky5bOtBQ?feature=oembed\" frameborder=\"0\" allow=\"accelerometer; autoplay; clipboard-write; encrypted-media; gyroscope; picture-in-picture; web-share\" allowfullscreen><\/iframe>\n<\/div><\/figure>\n\n\n\n<div style=\"height:63px\" aria-hidden=\"true\" class=\"wp-block-spacer\"><\/div>\n\n\n\n<hr class=\"wp-block-separator has-alpha-channel-opacity is-style-zigzag\"\/>\n\n\n\n<div style=\"height:63px\" aria-hidden=\"true\" class=\"wp-block-spacer\"><\/div>\n<\/div>\n\n\n\n<div class=\"wp-block-column\" style=\"flex-basis:25%\"><\/div>\n<\/div>\n\n\n\n<div class=\"wp-block-columns alignfull\">\n<div class=\"wp-block-column\" style=\"flex-basis:30%\"><\/div>\n\n\n\n<div class=\"wp-block-column\" style=\"flex-basis:45%\">\n<h3 class=\"wp-block-heading\">S\u00f6n 18:e februari 2024<\/h3>\n\n\n\n<p class=\"has-large-font-size\"><strong><a href=\"https:\/\/maps.app.goo.gl\/f2mR8PFTSxxNqz416\" data-type=\"link\" data-id=\"https:\/\/maps.app.goo.gl\/f2mR8PFTSxxNqz416\">Klara Biografen<\/a><\/strong> \u2013 kl. 14:00<br><strong>Pris<\/strong>: 100kr<\/p>\n\n\n\n<div class=\"wp-block-buttons is-layout-flex wp-block-buttons-is-layout-flex\">\n<div class=\"wp-block-button has-custom-font-size is-style-fill has-normal-font-size\"><a class=\"wp-block-button__link has-background wp-element-button\" href=\"https:\/\/kulturhusetstadsteatern.se\/film\/seven-winters-teheran\" style=\"background-color:#00ff00\" target=\"_blank\" rel=\"noreferrer noopener\">K\u00f6p biljetter<\/a><\/div>\n<\/div>\n<\/div>\n\n\n\n<div class=\"wp-block-column\" style=\"flex-basis:25%\"><\/div>\n<\/div>\n\n\n\n<div style=\"height:100px\" aria-hidden=\"true\" class=\"wp-block-spacer\"><\/div>","protected":false},"excerpt":{"rendered":"<div class=\"entry-summary\">\nSeven Winters In Tehran Directed by Steffi Niederzoll 2023, Iran, 97 minLanguage: Persian, Sub-text: English In the summer of 2007, an older man approaches Reyhaneh Jabbari and asks the architecture student who&hellip;\n<\/div>","protected":false},"featured_media":0,"parent":0,"menu_order":0,"template":"templates\/no-intro.php","meta":[],"categories":[8],"class_list":["post-510","film_portfolio","type-film_portfolio","status-publish","hentry","category-documentary","entry","entry-type-film_portfolio"],"_links":{"self":[{"href":"https:\/\/www.salamcinema.se\/sv\/wp-json\/wp\/v2\/film_portfolio\/510","targetHints":{"allow":["GET"]}}],"collection":[{"href":"https:\/\/www.salamcinema.se\/sv\/wp-json\/wp\/v2\/film_portfolio"}],"about":[{"href":"https:\/\/www.salamcinema.se\/sv\/wp-json\/wp\/v2\/types\/film_portfolio"}],"wp:attachment":[{"href":"https:\/\/www.salamcinema.se\/sv\/wp-json\/wp\/v2\/media?parent=510"}],"wp:term":[{"taxonomy":"category","embeddable":true,"href":"https:\/\/www.salamcinema.se\/sv\/wp-json\/wp\/v2\/categories?post=510"}],"curies":[{"name":"wp","href":"https:\/\/api.w.org\/{rel}","templated":true}]}}